{"id":3175,"date":"2024-07-29T10:54:11","date_gmt":"2024-07-29T09:54:11","guid":{"rendered":"https:\/\/www.institut-solidaris.be\/?page_id=3175"},"modified":"2024-07-29T10:56:15","modified_gmt":"2024-07-29T09:56:15","slug":"nouveaux_rythmes_scolaires","status":"publish","type":"page","link":"https:\/\/www.institut-solidaris.be\/index.php\/nouveaux_rythmes_scolaires\/","title":{"rendered":"Quel est l\u2019impact des nouveaux rythmes scolaires sur les loisirs des jeunes ?"},"content":{"rendered":"<div class=\"fusion-fullwidth fullwidth-box fusion-builder-row-1 nonhundred-percent-fullwidth non-hundred-percent-height-scrolling\" style=\"--awb-background-position:left top;--awb-border-sizes-top:0px;--awb-border-sizes-bottom:0px;--awb-border-sizes-left:0px;--awb-border-sizes-right:0px;--awb-border-radius-top-left:0px;--awb-border-radius-top-right:0px;--awb-border-radius-bottom-right:0px;--awb-border-radius-bottom-left:0px;--awb-padding-top:20px;--awb-padding-bottom:20px;--awb-flex-wrap:wrap;\" ><div class=\"fusion-builder-row fusion-row\"><div class=\"fusion-layout-column fusion_builder_column fusion-builder-column-0 fusion_builder_column_1_2 1_2 fusion-one-half fusion-column-first\" style=\"--awb-bg-size:cover;width:48%; margin-right: 4%;\"><div class=\"fusion-column-wrapper fusion-flex-column-wrapper-legacy\"><div class=\"fusion-slider-sc fusion-flexslider-loading flexslider flexslider-hover-type-none\" data-slideshow_autoplay=\"1\" data-slideshow_smooth_height=\"0\" data-slideshow_speed=\"7000\" style=\"max-width:100%;height:100%;\"><ul class=\"slides\"><li class=\"image\"><span class=\"fusion-image-hover-element hover-type-none\"><img decoding=\"async\" src=\"https:\/\/www.institut-solidaris.be\/wp-content\/uploads\/2017\/02\/photo8.jpg\" width=\"5472\" height=\"3648\" class=\"wp-image-853\" srcset=\"https:\/\/www.institut-solidaris.be\/wp-content\/uploads\/2017\/02\/photo8-300x200.jpg 300w, https:\/\/www.institut-solidaris.be\/wp-content\/uploads\/2017\/02\/photo8-1024x683.jpg 1024w, https:\/\/www.institut-solidaris.be\/wp-content\/uploads\/2017\/02\/photo8.jpg 5472w\" sizes=\"(max-width: 5472px) 100vw, 5472px\" \/><\/span><\/li><\/ul><\/div><div class=\"fusion-clearfix\"><\/div><\/div><\/div><div class=\"fusion-layout-column fusion_builder_column fusion-builder-column-1 fusion_builder_column_1_2 1_2 fusion-one-half fusion-column-last\" style=\"--awb-bg-size:cover;width:48%;\"><div class=\"fusion-column-wrapper fusion-flex-column-wrapper-legacy\"><div class=\"fusion-text fusion-text-1\"><p><strong>Avec moins de semaines de vacances estivales et des blocs de cong\u00e9s plus courts, les nouveaux rythmes scolaires ont profond\u00e9ment transform\u00e9 l\u2019organisation des activit\u00e9s de loisirs des jeunes en Belgique. Pour \u00e9valuer l&rsquo;adaptation de son offre aux besoins des familles, Solidaris a men\u00e9 une enqu\u00eate aupr\u00e8s de ses affili\u00e9s et des parents d&rsquo;enfants en situation de handicap. Voici les principaux enseignements de cette \u00e9tude.<\/strong><strong>\u00a0<\/strong><\/p>\n<p><strong>Taux de participation \u00e9lev\u00e9 avec des in\u00e9galit\u00e9s<\/strong><\/p>\n<p>Durant l\u2019\u00e9t\u00e9 2023, 70% des parents interrog\u00e9s ont inscrit au moins un de leurs enfants \u00e0 une activit\u00e9 organis\u00e9e (plaine, stage, camp ou s\u00e9jour). Cette participation varie en fonction de la composition familiale et du niveau socio-\u00e9conomique. Les parents vivant seuls sont moins nombreux \u00e0 inscrire leurs enfants (61%), ainsi que les familles moins ais\u00e9es (50%) compar\u00e9es aux familles plus ais\u00e9es (81%).<strong>\u00a0<\/strong><\/p>\n<p>La participation diminue \u00e9galement avec l&rsquo;\u00e2ge des enfants : 78% des enfants de moins de 6 ans participent \u00e0 des activit\u00e9s, contre seulement 56% des adolescents de 15 ans et plus. En termes de part de march\u00e9, les ASBL organisant des stages priv\u00e9s dominent (31%), suivies des clubs sportifs (24%) et des communes (17%).<\/p>\n<p><strong>Encadrement et prix, les crit\u00e8res cl\u00e9s des parents<\/strong><\/p>\n<p>La qualit\u00e9 de l&rsquo;encadrement (95%) et le type d&rsquo;activit\u00e9s propos\u00e9es (85%) sont des crit\u00e8res essentiels pour les parents. Cependant, lorsqu&rsquo;on leur demande de choisir les deux crit\u00e8res les plus importants, la qualit\u00e9 de l&rsquo;encadrement (45%) et le prix (39%) ressortent clairement. Le prix est un crit\u00e8re encore plus crucial pour les groupes sociaux moins favoris\u00e9s (63%).<\/p>\n<p>Les stages sportifs (78%) et artistiques ou cr\u00e9atifs (54%) sont les plus populaires. Les s\u00e9jours r\u00e9sidentiels rencontrent moins de succ\u00e8s (10%), surtout parmi les groupes sociaux plus faibles qui privil\u00e9gient les plaines et les stages non-r\u00e9sidentiels.<\/p>\n<p><strong>Manque d\u2019accessibilit\u00e9 financi\u00e8re<\/strong><\/p>\n<p>Les parents d\u00e9pensent en moyenne 160\u20ac par enfant pour les activit\u00e9s estivales, avec des variations importantes selon le niveau socio-\u00e9conomique (193\u20ac pour les GS favoris\u00e9s contre 106\u20ac pour les GS d\u00e9favoris\u00e9s). Les parents seuls d\u00e9pensent en moyenne 15% de moins.<\/p>\n<p>Un aspect pr\u00e9occupant est que 65% des parents d\u00e9clarent qu&rsquo;ils inscriraient leurs enfants \u00e0 plus d&rsquo;activit\u00e9s s&rsquo;ils en avaient les moyens financiers. Ce chiffre atteint 73% pour les familles monoparentales et 86% parmi les groupes sociaux d\u00e9favoris\u00e9s.<\/p>\n<p><strong>D\u00e9fis suppl\u00e9mentaires pour les enfants en situation de handicap<\/strong><\/p>\n<p>Les familles avec des enfants en situation de handicap sont plus pr\u00e9caires (38% en GS7-8 contre 21% dans la population g\u00e9n\u00e9rale). Ces enfants sont majoritairement des gar\u00e7ons (67%) et pr\u00e8s de la moiti\u00e9 (47%) fr\u00e9quentent l&rsquo;enseignement sp\u00e9cialis\u00e9.<\/p>\n<p>Pendant l&rsquo;\u00e9t\u00e9 2023, un peu plus d&rsquo;un tiers des enfants en situation de handicap ont particip\u00e9 \u00e0 des activit\u00e9s, avec une participation plus \u00e9lev\u00e9e chez les GS1-2 (50%) et les 6-12 ans (48%). L&rsquo;autonomie des enfants influe l\u00e9g\u00e8rement sur leur participation (28% pour ceux avec faible autonomie). Parmi ceux qui n&rsquo;ont pas inscrit leur enfant \u00e0 une activit\u00e9 (64,5%), les principales raisons sont le manque d&rsquo;adaptation (32%), l&rsquo;offre insuffisante (31%) et le co\u00fbt (27%).<\/p>\n<p>58% des parents jugent l&rsquo;offre de loisirs insuffisante, chiffre montant \u00e0 71% pour les enfants avec faible autonomie. La qualit\u00e9 de l&rsquo;encadrement est le crit\u00e8re principal pour choisir une activit\u00e9 (97%), suivi des activit\u00e9s propos\u00e9es (81%) et de l&rsquo;accessibilit\u00e9 (68%). Le prix est crucial pour 50% des parents.<\/p>\n<p>La majorit\u00e9 des parents pr\u00e9f\u00e8rent les activit\u00e9s inclusives (77%), avec une pr\u00e9f\u00e9rence l\u00e9g\u00e8rement moindre chez les GS7-8 (68%). L&rsquo;autonomie des enfants influence cette pr\u00e9f\u00e9rence, mais pas de mani\u00e8re significative (70%).<\/p>\n<p><strong>Conclusion<\/strong><\/p>\n<p>Les r\u00e9sultats de cette enqu\u00eate soulignent l&rsquo;importance de maintenir et d&rsquo;am\u00e9liorer l&rsquo;acc\u00e8s aux activit\u00e9s de loisirs pour tous les enfants, ind\u00e9pendamment de leur situation socio-\u00e9conomique ou de handicap. L\u2019adaptation de l\u2019offre aux besoins sp\u00e9cifiques des familles, en particulier en termes de co\u00fbt et de qualit\u00e9 de l\u2019encadrement, est cruciale pour permettre \u00e0 chaque enfant d\u2019avoir acc\u00e8s \u00e0 des activit\u00e9s sportives et culturelles et de s\u2019\u00e9panouir pleinement durant ses vacances.<\/p>\n<\/div><div class=\"fusion-clearfix\"><\/div><\/div><\/div><\/div><\/div>\n","protected":false},"excerpt":{"rendered":"","protected":false},"author":8,"featured_media":0,"parent":0,"menu_order":0,"comment_status":"closed","ping_status":"closed","template":"","meta":{"footnotes":""},"class_list":["post-3175","page","type-page","status-publish","hentry"],"_links":{"self":[{"href":"https:\/\/www.institut-solidaris.be\/index.php\/wp-json\/wp\/v2\/pages\/3175","targetHints":{"allow":["GET"]}}],"collection":[{"href":"https:\/\/www.institut-solidaris.be\/index.php\/wp-json\/wp\/v2\/pages"}],"about":[{"href":"https:\/\/www.institut-solidaris.be\/index.php\/wp-json\/wp\/v2\/types\/page"}],"author":[{"embeddable":true,"href":"https:\/\/www.institut-solidaris.be\/index.php\/wp-json\/wp\/v2\/users\/8"}],"replies":[{"embeddable":true,"href":"https:\/\/www.institut-solidaris.be\/index.php\/wp-json\/wp\/v2\/comments?post=3175"}],"version-history":[{"count":3,"href":"https:\/\/www.institut-solidaris.be\/index.php\/wp-json\/wp\/v2\/pages\/3175\/revisions"}],"predecessor-version":[{"id":3178,"href":"https:\/\/www.institut-solidaris.be\/index.php\/wp-json\/wp\/v2\/pages\/3175\/revisions\/3178"}],"wp:attachment":[{"href":"https:\/\/www.institut-solidaris.be\/index.php\/wp-json\/wp\/v2\/media?parent=3175"}],"curies":[{"name":"wp","href":"https:\/\/api.w.org\/{rel}","templated":true}]}}