{"id":2928,"date":"2022-12-13T10:42:58","date_gmt":"2022-12-13T09:42:58","guid":{"rendered":"https:\/\/www.institut-solidaris.be\/?page_id=2928"},"modified":"2022-12-13T16:13:25","modified_gmt":"2022-12-13T15:13:25","slug":"barometre-confiance-bien-etre-2022","status":"publish","type":"page","link":"https:\/\/www.institut-solidaris.be\/index.php\/barometre-confiance-bien-etre-2022\/","title":{"rendered":"Barom\u00e8tre Confiance &#038; Bien-\u00eatre 2022"},"content":{"rendered":"<div class=\"fusion-fullwidth fullwidth-box fusion-builder-row-1 nonhundred-percent-fullwidth non-hundred-percent-height-scrolling\" style=\"--awb-background-position:left top;--awb-border-sizes-top:0px;--awb-border-sizes-bottom:0px;--awb-border-sizes-left:0px;--awb-border-sizes-right:0px;--awb-border-radius-top-left:0px;--awb-border-radius-top-right:0px;--awb-border-radius-bottom-right:0px;--awb-border-radius-bottom-left:0px;--awb-padding-top:20px;--awb-padding-bottom:20px;--awb-flex-wrap:wrap;\" ><div class=\"fusion-builder-row fusion-row\"><div class=\"fusion-layout-column fusion_builder_column fusion-builder-column-0 fusion_builder_column_1_2 1_2 fusion-one-half fusion-column-first\" style=\"--awb-bg-size:cover;width:48%; margin-right: 4%;\"><div class=\"fusion-column-wrapper fusion-flex-column-wrapper-legacy\"><div class=\"fusion-slider-sc fusion-flexslider-loading flexslider flexslider-hover-type-none\" data-slideshow_autoplay=\"1\" data-slideshow_smooth_height=\"0\" data-slideshow_speed=\"7000\" style=\"max-width:100%;height:100%;\"><ul class=\"slides\"><li class=\"image\"><span class=\"fusion-image-hover-element hover-type-none\"><img decoding=\"async\" src=\"https:\/\/www.institut-solidaris.be\/wp-content\/uploads\/2022\/12\/BarometreCBE-2022_600x350.jpg\" width=\"600\" height=\"350\" class=\"wp-image-2940\" srcset=\"https:\/\/www.institut-solidaris.be\/wp-content\/uploads\/2022\/12\/BarometreCBE-2022_600x350-200x117.jpg 200w, https:\/\/www.institut-solidaris.be\/wp-content\/uploads\/2022\/12\/BarometreCBE-2022_600x350-400x233.jpg 400w, https:\/\/www.institut-solidaris.be\/wp-content\/uploads\/2022\/12\/BarometreCBE-2022_600x350.jpg 600w\" sizes=\"(max-width: 800px) 100vw, 600px\" \/><\/span><\/li><\/ul><\/div><div class=\"fusion-clearfix\"><\/div><\/div><\/div><div class=\"fusion-layout-column fusion_builder_column fusion-builder-column-1 fusion_builder_column_1_2 1_2 fusion-one-half fusion-column-last\" style=\"--awb-bg-size:cover;width:48%;\"><div class=\"fusion-column-wrapper fusion-flex-column-wrapper-legacy\"><div class=\"fusion-text fusion-text-1\"><p><strong>Depuis 2015, Solidaris prend le pouls de la population belge francophone. Tous les ans en septembre, plus de 1000 Wallons et Bruxellois sont interrog\u00e9s au travers d\u2019une enqu\u00eate qui balaie tous les pans du bien-\u00eatre et de la confiance allant de leur \u00e9tat de sant\u00e9 mentale \u00e0 leur vision des institutions et de l\u2019avenir de la soci\u00e9t\u00e9, en passant par les relations avec leurs proches ou encore leurs conditions de vie au travail et leur capacit\u00e9 d\u2019\u00e9pargne.<\/strong><\/p>\n<p>L\u2019indice composite confiance et bien-\u00eatre moyen de la population s\u2019\u00e9tablit \u00e0 52,2 cette ann\u00e9e, s\u2019am\u00e9liorant l\u00e9g\u00e8rement (+1,8%) apr\u00e8s plusieurs ann\u00e9es de baisse (-7,9% depuis 2015).<\/p>\n<p>Revenons en d\u00e9tail sur quelques grands enseignements. Quand tout le monde n\u2019est pas log\u00e9 \u00e0 la m\u00eame enseigne et que certaines in\u00e9galit\u00e9s s\u2019aggravent\u2026<\/p>\n<ul>\n<li>Le niveau moyen de bien-\u00eatre est toujours plus bas chez les femmes (49,4) que chez les hommes (55,2) ;<\/li>\n<li>Le niveau moyen r\u00e9gresse uniquement pour les moins de 40 ans cette ann\u00e9e (-1,7%) ;<\/li>\n<li>Le niveau moyen pour une famille monoparentale a recul\u00e9 de -21,5% sur 7 ans ;<\/li>\n<li>Le niveau moyen d\u2019une personne en incapacit\u00e9 est de 32,4 et celui d\u2019un ch\u00f4meur de 48,3.<\/li>\n<\/ul>\n<p><strong>Quand les finances se d\u00e9gradent et qu\u2019en cascade des comportements de pr\u00e9vention (manger sainement et bouger) sont frein\u00e9s\u2026<\/strong><\/p>\n<ul>\n<li>On passe de 44,4% \u00e0 36,3% de personnes qui mettent au moins un peu d\u2019argent de c\u00f4t\u00e9 tous les mois et on monte \u00e0 plus d\u2019un quart (26,2%) qui exprime ne pas s\u2019en sortir sans \u00eatre \u00e0 d\u00e9couvert ;<\/li>\n<li>Plus d\u20191 personne sur deux renonce \u00e0 des activit\u00e9s culturelles pour des raisons financi\u00e8res ;<\/li>\n<li>Une personne sur deux nous dit que le co\u00fbt pour se d\u00e9placer devient vraiment un probl\u00e8me pour son budget ;<\/li>\n<li>Un tiers affirme mal se nourrir pour des raisons financi\u00e8res ;<\/li>\n<li>Plus de 4 personnes sur 10 ne font pas de sport pour des raisons financi\u00e8res.<\/li>\n<\/ul>\n<p><strong>Quand les moins de 40 ans vont mal \u2026<\/strong><br \/>\nPr\u00e8s de 4 moins de 40 ans sur 10 peuvent \u00eatre consid\u00e9r\u00e9s en d\u00e9pression et plus d\u2019un sur deux en \u00e9tat de stress \u00e9lev\u00e9. Sur l\u2019\u00e9chelle de Cantril, quasiment 3 sur 10 cotent leur vie n\u00e9gativement. Leur vision de l\u2019\u00e9volution de la soci\u00e9t\u00e9 n\u2019est pas plus rose : pr\u00e8s de deux tiers sont pessimistes pour son avenir. D\u2019ailleurs, d\u00e9sormais moins de 3 sur 10 ont le sentiment que la soci\u00e9t\u00e9 leur donne les moyens de montrer ce dont ils sont r\u00e9ellement capables et seulement 1 sur 5 estime qu\u2019on sollicite son avis pour des projets dans son quartier ou sa commune. Enfin, au niveau du monde du travail, seulement 43% trouvent que leur travail est source de bien-\u00eatre, plus d\u2019un sur deux trouvent les cadences trop \u00e9lev\u00e9es et pr\u00e8s d\u2019un sur deux se sent d\u00e9pass\u00e9 par la masse de choses attendues. Leur confiance<br \/>\ndans les syndicats passe de 40,6% \u00e0 34,3%.<\/p>\n<p><strong>Quand la perception, certes encore tr\u00e8s positive, du syst\u00e8me de sant\u00e9 et de son avenir devient un peu plus incertaine\u2026<\/strong><br \/>\n7 personnes sur 10 trouvent que le syst\u00e8me de sant\u00e9 est d\u2019excellente qualit\u00e9. Plus de deux tiers des gens ont confiance dans les mutualit\u00e9s, un chiffre relativement stable ces derni\u00e8res ann\u00e9es. On observe toutefois une baisse de la confiance dans la S\u00e9curit\u00e9 sociale qui s\u2019explique uniquement par l\u2019\u00e9volution des moins de 40 ans sur cette question (de 65% \u00e0 56,7% soit -8,3 pts). En outre, presque \u00be des r\u00e9pondants (73,6%) estiment qu\u2019il y a trop de temps d\u2019attente pour \u00eatre admis \u00e0 l\u2019h\u00f4pital (en 2015 on \u00e9tait \u00e0 49,2%, soit 24 points d\u2019\u00e9volution en 8 ans) ! On descend aussi \u00e0 61% qui estiment qu\u2019il y a suffisamment de professionnels de la sant\u00e9 dans leur r\u00e9gion (76% en 2015, &#8211; 15 points sur 8 ans). Enfin, 69,1% pensent aussi que la qualit\u00e9 des soins est actuellement menac\u00e9e pour des raisons de co\u00fbts.<\/p>\n<p>Quand on mesure l\u2019ensemble de ces \u00e9l\u00e9ments, il semble urgent \u00e0 Solidaris de tirer la sonnette d\u2019alarme et de rappeler certaines recommandations qui deviennent chaque jours plus vitales pour une partie de plus en plus grande de la population : automatisation du statut BIM, fin du statut de cohabitant et de fa\u00e7on plus g\u00e9n\u00e9rale, rel\u00e8vement des minimas sociaux.<\/p>\n<p>Pour le Secr\u00e9taire g\u00e9n\u00e9ral de Solidaris, Jean-Pascal Labille : \u00abNous devons nous pr\u00e9parer et nous adapter sans cesse mais il faut aussi tracer une r\u00e9cit politique, sur deux plans. Le premier vise \u00e0 une s\u00e9curit\u00e9 sociale universelle qui prot\u00e8ge tout le monde et int\u00e8gre aussi les nouveaux risques, notamment environnementaux. Le second renvoie au r\u00f4le de l\u2019Etat qu\u2019il importe de consolider dans son r\u00f4le, noble, de r\u00e9gulateur \u00bb.<\/p>\n<p>Retrouvez tous les r\u00e9sultats de notre enqu\u00eate :<\/p>\n<p><a href=\"https:\/\/www.institut-solidaris.be\/wp-content\/uploads\/2022\/12\/BCBE_BE_2022_partie1-light.pdf\">Partie 1<\/a><\/p>\n<p><a href=\"https:\/\/www.institut-solidaris.be\/wp-content\/uploads\/2022\/12\/BCBE_BE_2022_partie2-light.pdf\">Partie 2<\/a><\/p>\n<p><a href=\"https:\/\/www.institut-solidaris.be\/wp-content\/uploads\/2022\/12\/BCBE_BE_2022_partie3-light.pdf\">Partie 3<\/a><\/p>\n<\/div><div class=\"fusion-clearfix\"><\/div><\/div><\/div><div class=\"fusion-layout-column fusion_builder_column fusion-builder-column-2 fusion_builder_column_1_2 1_2 fusion-one-half fusion-column-first\" style=\"--awb-bg-size:cover;width:48%; margin-right: 4%;\"><div class=\"fusion-column-wrapper fusion-flex-column-wrapper-legacy\"><div class=\"fusion-clearfix\"><\/div><\/div><\/div><div class=\"fusion-layout-column fusion_builder_column fusion-builder-column-3 fusion_builder_column_1_2 1_2 fusion-one-half fusion-column-last\" style=\"--awb-bg-size:cover;width:48%;\"><div class=\"fusion-column-wrapper fusion-flex-column-wrapper-legacy\"><div class=\"fusion-clearfix\"><\/div><\/div><\/div><\/div><\/div>\n","protected":false},"excerpt":{"rendered":"","protected":false},"author":8,"featured_media":0,"parent":0,"menu_order":0,"comment_status":"closed","ping_status":"closed","template":"","meta":{"footnotes":""},"class_list":["post-2928","page","type-page","status-publish","hentry"],"_links":{"self":[{"href":"https:\/\/www.institut-solidaris.be\/index.php\/wp-json\/wp\/v2\/pages\/2928","targetHints":{"allow":["GET"]}}],"collection":[{"href":"https:\/\/www.institut-solidaris.be\/index.php\/wp-json\/wp\/v2\/pages"}],"about":[{"href":"https:\/\/www.institut-solidaris.be\/index.php\/wp-json\/wp\/v2\/types\/page"}],"author":[{"embeddable":true,"href":"https:\/\/www.institut-solidaris.be\/index.php\/wp-json\/wp\/v2\/users\/8"}],"replies":[{"embeddable":true,"href":"https:\/\/www.institut-solidaris.be\/index.php\/wp-json\/wp\/v2\/comments?post=2928"}],"version-history":[{"count":7,"href":"https:\/\/www.institut-solidaris.be\/index.php\/wp-json\/wp\/v2\/pages\/2928\/revisions"}],"predecessor-version":[{"id":2937,"href":"https:\/\/www.institut-solidaris.be\/index.php\/wp-json\/wp\/v2\/pages\/2928\/revisions\/2937"}],"wp:attachment":[{"href":"https:\/\/www.institut-solidaris.be\/index.php\/wp-json\/wp\/v2\/media?parent=2928"}],"curies":[{"name":"wp","href":"https:\/\/api.w.org\/{rel}","templated":true}]}}