{"id":2732,"date":"2022-07-06T13:24:23","date_gmt":"2022-07-06T12:24:23","guid":{"rendered":"https:\/\/www.institut-solidaris.be\/?page_id=2732"},"modified":"2023-02-09T11:14:34","modified_gmt":"2023-02-09T10:14:34","slug":"faible-accessibilite-soins-dentaires","status":"publish","type":"page","link":"https:\/\/www.institut-solidaris.be\/index.php\/etudes\/personnes-agees\/faible-accessibilite-soins-dentaires\/","title":{"rendered":"Accessibilit\u00e9s aux soins dentaires pour les personnes \u00e2g\u00e9es"},"content":{"rendered":"<p>Solidaris a r\u00e9alis\u00e9, en collaboration avec l\u2019Observatoire Belge des In\u00e9galit\u00e9s, un grand dossier sur le conventionnement dont cette \u00e9tude est tir\u00e9e. Elle revient sur les barri\u00e8res financi\u00e8res et g\u00e9ographiques\u00a0qui entravent l\u2019acc\u00e8s aux soins dentaires, en recontextualisant cette question avec le conventionnement des dentistes, et montre dans quelle mesure cela impacte les personnes \u00e2g\u00e9es.<\/p>\n<p>Plusieurs enseignements peuvent \u00eatre tir\u00e9s de cette analyse\u00a0:<\/p>\n<ul>\n<li>Une mauvaise accessibilit\u00e9 g\u00e9ographique et financi\u00e8re aux soins dentaires n\u2019impacte pas de la m\u00eame mani\u00e8re les personnes \u00e2g\u00e9es de 65 ans et plus que celles de moins de 65 ans parmi lesquelles les in\u00e9galit\u00e9s sociales en \u00e9taient aggrav\u00e9es.<\/li>\n<li>L\u2019impact d\u2019une mauvaise accessibilit\u00e9 semble plus homog\u00e8ne et consiste principalement en un renoncement aux soins, autant pour les personnes les plus riches que pour les personnes les plus pr\u00e9caris\u00e9es.<\/li>\n<li>Une piste d\u2019explication est la difficult\u00e9 \u00e0 se d\u00e9placer quel que soit le niveau socio\u00e9conomique.<\/li>\n<\/ul>\n<p>Ce constat situe ainsi l\u2019accessibilit\u00e9 des soins non pas comme une probl\u00e9matique \u00ab sociale \u00bb, ne concernant que les personnes d\u00e9munies, mais toute la population, puisque nous sommes a priori tous destin\u00e9s \u00e0 vieillir et \u00e0 voir notre sant\u00e9 se fragiliser. Ce constat plaide ainsi pour une meilleure r\u00e9gulation collective de l\u2019offre de soin, dans le but de donner un bon acc\u00e8s g\u00e9ographique et financier aux soins (dentaires), quels que soit le lieu de r\u00e9sidence ou les moyens dont disposent les personnes.<\/p>\n<p>Ces aspects font l\u2019objet de deux autres \u00e9tudes consacr\u00e9es \u00e0 l\u2019accessibilit\u00e9 g\u00e9ographique aux soins dentaires et l\u2019analyse des pratiques de soin face aux in\u00e9galit\u00e9s d\u2019acc\u00e8s mises ici en lumi\u00e8re\u00a0:<\/p>\n<ul>\n<li><a href=\"https:\/\/www.institut-solidaris.be\/index.php\/etudes\/accessibilite-aux-soins-de-sante\/accessibilite-geographique-soins-dentaires\/\" target=\"_blank\" rel=\"noopener\">L\u2019accessibilit\u00e9 g\u00e9ographique aux soins dentaires<\/a><\/li>\n<li><a href=\"https:\/\/www.institut-solidaris.be\/index.php\/etudes\/inegalites-sociales\/les-inegalites-sociales-aggravees\/\" target=\"_blank\" rel=\"noopener\">Les in\u00e9galit\u00e9s sociales aggrav\u00e9es par la faible accessibilit\u00e9 aux soins dentaires<\/a><\/li>\n<\/ul>\n<p><em>\u00a0<\/em>Ces \u00e9tudes font partie d\u2019un grand dossier sur la question du conventionnement\u00a0:<\/p>\n<ul>\n<li><a href=\"https:\/\/www.institut-solidaris.be\/wp-content\/uploads\/2022\/06\/Enquete-Solidaris_Conventionnement-connaissances-et-representations_31052022.pdf\" target=\"_blank\" rel=\"noopener\">Conventionnement : Enqu\u00eate sur les connaissances et repr\u00e9sentations des affili\u00e9s<\/a><\/li>\n<li><a href=\"https:\/\/www.institut-solidaris.be\/index.php\/conventionnement\/\" target=\"_blank\" rel=\"noopener\">Le dossier conventionnement<\/a><\/li>\n<\/ul>\n","protected":false},"excerpt":{"rendered":"<p>Solidaris a r\u00e9alis\u00e9, en collaboration avec l\u2019Observatoire Belge des In\u00e9galit\u00e9s, un grand dossier sur le conventionnement dont cette \u00e9tude est tir\u00e9e. Elle revient sur les barri\u00e8res financi\u00e8res et g\u00e9ographiques\u00a0qui entravent l\u2019acc\u00e8s aux soins dentaires, en recontextualisant cette question avec le conventionnement des dentistes, et montre dans quelle mesure cela impacte les personnes \u00e2g\u00e9es. Plusieurs enseignements  [&#8230;]<\/p>\n","protected":false},"author":8,"featured_media":0,"parent":2253,"menu_order":1,"comment_status":"closed","ping_status":"closed","template":"","meta":{"footnotes":""},"class_list":["post-2732","page","type-page","status-publish","hentry"],"_links":{"self":[{"href":"https:\/\/www.institut-solidaris.be\/index.php\/wp-json\/wp\/v2\/pages\/2732","targetHints":{"allow":["GET"]}}],"collection":[{"href":"https:\/\/www.institut-solidaris.be\/index.php\/wp-json\/wp\/v2\/pages"}],"about":[{"href":"https:\/\/www.institut-solidaris.be\/index.php\/wp-json\/wp\/v2\/types\/page"}],"author":[{"embeddable":true,"href":"https:\/\/www.institut-solidaris.be\/index.php\/wp-json\/wp\/v2\/users\/8"}],"replies":[{"embeddable":true,"href":"https:\/\/www.institut-solidaris.be\/index.php\/wp-json\/wp\/v2\/comments?post=2732"}],"version-history":[{"count":4,"href":"https:\/\/www.institut-solidaris.be\/index.php\/wp-json\/wp\/v2\/pages\/2732\/revisions"}],"predecessor-version":[{"id":2747,"href":"https:\/\/www.institut-solidaris.be\/index.php\/wp-json\/wp\/v2\/pages\/2732\/revisions\/2747"}],"up":[{"embeddable":true,"href":"https:\/\/www.institut-solidaris.be\/index.php\/wp-json\/wp\/v2\/pages\/2253"}],"wp:attachment":[{"href":"https:\/\/www.institut-solidaris.be\/index.php\/wp-json\/wp\/v2\/media?parent=2732"}],"curies":[{"name":"wp","href":"https:\/\/api.w.org\/{rel}","templated":true}]}}