{"id":2579,"date":"2022-05-04T11:57:09","date_gmt":"2022-05-04T10:57:09","guid":{"rendered":"https:\/\/www.institut-solidaris.be\/?page_id=2579"},"modified":"2022-05-05T09:51:35","modified_gmt":"2022-05-05T08:51:35","slug":"les-maisons-medicales-a-la-loupe","status":"publish","type":"page","link":"https:\/\/www.institut-solidaris.be\/index.php\/etudes\/medecine\/les-maisons-medicales-a-la-loupe\/","title":{"rendered":"Les maisons m\u00e9dicales \u00e0 la loupe"},"content":{"rendered":"<p>Aujourd\u2019hui, plus de 360.000 Belges sont soign\u00e9s dans une maison m\u00e9dicale qui travaille au forfait.<br \/>\nCela repr\u00e9sente, en moyenne, pour l\u2019ensemble de la Belgique 3% de la population.<br \/>\nLes maisons m\u00e9dicales se d\u00e9veloppent continuellement depuis leur naissance dans les ann\u00e9es 80 et sont en pleine expansion ces derni\u00e8res ann\u00e9es. De plus en plus de patients d\u00e9cident en effet de<br \/>\nrecourir \u00e0 cette forme de prise en charge largement accessible. Douze maisons m\u00e9dicales ouvrent en moyenne chaque ann\u00e9e de sorte que leur nombre a \u00e9t\u00e9 multipli\u00e9 par trois depuis 2003. D\u00e9but 2017, on comptait 176 maisons m\u00e9dicales dispers\u00e9es sur le territoire belge.<\/p>\n<p>Les maisons m\u00e9dicales deviennent aujourd\u2019hui un maillon important dans la premi\u00e8re ligne de soins.<\/p>\n<p>Solidaris s\u2019est d\u00e8s lors pench\u00e9 sur le secteur des maisons m\u00e9dicales afin de dresser un \u00e9tat des lieux de la question en Belgique, faire conna\u00eetre ce mode de prise en charge mais aussi quantifier plus pr\u00e9cis\u00e9ment son impact sur l\u2019accessibilit\u00e9 aux soins de premi\u00e8re ligne.<br \/>\nCette \u00e9tude poursuit les quatre objectifs suivants:<\/p>\n<p>1) Expliciter le fonctionnement et le mode de financement des maisons m\u00e9dicales ;<\/p>\n<p>2) Analyser les \u00e9volutions du secteur, notamment en termes de d\u00e9penses, et cartographier l\u2019offre<br \/>\nde maisons m\u00e9dicales dans les trois r\u00e9gions du pays ;<\/p>\n<p>3) Examiner le profil socio-d\u00e9mographique de la patient\u00e8le soign\u00e9e en MM ;<\/p>\n<p>4) Evaluer l\u2019impact de ce mode de prise en charge sur l\u2019accessibilit\u00e9 aux soins de sant\u00e9 en r\u00e9alisant une analyse par quartier statistique dans les trois villes belges o\u00f9 l\u2019offre de maisons m\u00e9dicales est la plus grande et la proportion d\u2019affili\u00e9s Solidaris abonn\u00e9s \u00e0 une maison m\u00e9dicale la plus \u00e9lev\u00e9e (Bruxelles, Li\u00e8ge et Gand).<\/p>\n<p>L\u2019analyse s\u2019appuie sur les donn\u00e9es de l\u2019Institut National de l\u2019Assurance Maladie-Invalidit\u00e9 (INAMI) ainsi que les donn\u00e9es des 174.055 affili\u00e9s de Solidaris inscrits en maison m\u00e9dicale en 2016. Cela repr\u00e9sente plus de 5% des affili\u00e9s de Solidaris.<\/p>\n<p>Dans cette \u00e9tude, on entend par \u00ab maison m\u00e9dicale \u00bb toute maison m\u00e9dicale travaillant au forfait.<\/p>\n<p><strong><span style=\"color: #ff0000;\"><a style=\"color: #ff0000;\" href=\"https:\/\/www.institut-solidaris.be\/wp-content\/uploads\/2022\/05\/Etude_Solidaris_Maisons-medicales__Octobre-2017-1.pdf\">Lien vers l&rsquo;\u00e9tude : Les maisons m\u00e9dicales \u00e0 la loupe<\/a><\/span><\/strong><\/p>\n","protected":false},"excerpt":{"rendered":"<p>Aujourd\u2019hui, plus de 360.000 Belges sont soign\u00e9s dans une maison m\u00e9dicale qui travaille au forfait. Cela repr\u00e9sente, en moyenne, pour l\u2019ensemble de la Belgique 3% de la population. Les maisons m\u00e9dicales se d\u00e9veloppent continuellement depuis leur naissance dans les ann\u00e9es 80 et sont en pleine expansion ces derni\u00e8res ann\u00e9es. De plus en plus de patients  [&#8230;]<\/p>\n","protected":false},"author":9,"featured_media":2601,"parent":2245,"menu_order":0,"comment_status":"closed","ping_status":"closed","template":"","meta":{"footnotes":""},"class_list":["post-2579","page","type-page","status-publish","has-post-thumbnail","hentry"],"_links":{"self":[{"href":"https:\/\/www.institut-solidaris.be\/index.php\/wp-json\/wp\/v2\/pages\/2579","targetHints":{"allow":["GET"]}}],"collection":[{"href":"https:\/\/www.institut-solidaris.be\/index.php\/wp-json\/wp\/v2\/pages"}],"about":[{"href":"https:\/\/www.institut-solidaris.be\/index.php\/wp-json\/wp\/v2\/types\/page"}],"author":[{"embeddable":true,"href":"https:\/\/www.institut-solidaris.be\/index.php\/wp-json\/wp\/v2\/users\/9"}],"replies":[{"embeddable":true,"href":"https:\/\/www.institut-solidaris.be\/index.php\/wp-json\/wp\/v2\/comments?post=2579"}],"version-history":[{"count":3,"href":"https:\/\/www.institut-solidaris.be\/index.php\/wp-json\/wp\/v2\/pages\/2579\/revisions"}],"predecessor-version":[{"id":2602,"href":"https:\/\/www.institut-solidaris.be\/index.php\/wp-json\/wp\/v2\/pages\/2579\/revisions\/2602"}],"up":[{"embeddable":true,"href":"https:\/\/www.institut-solidaris.be\/index.php\/wp-json\/wp\/v2\/pages\/2245"}],"wp:featuredmedia":[{"embeddable":true,"href":"https:\/\/www.institut-solidaris.be\/index.php\/wp-json\/wp\/v2\/media\/2601"}],"wp:attachment":[{"href":"https:\/\/www.institut-solidaris.be\/index.php\/wp-json\/wp\/v2\/media?parent=2579"}],"curies":[{"name":"wp","href":"https:\/\/api.w.org\/{rel}","templated":true}]}}