{"id":2228,"date":"2022-03-21T13:20:41","date_gmt":"2022-03-21T12:20:41","guid":{"rendered":"https:\/\/www.institut-solidaris.be\/?page_id=2228"},"modified":"2022-03-21T13:51:11","modified_gmt":"2022-03-21T12:51:11","slug":"etudes","status":"publish","type":"page","link":"https:\/\/www.institut-solidaris.be\/index.php\/etudes\/","title":{"rendered":"Etudes"},"content":{"rendered":"<p><div class=\"fusion-fullwidth fullwidth-box fusion-builder-row-1 nonhundred-percent-fullwidth non-hundred-percent-height-scrolling\" style=\"--awb-border-radius-top-left:0px;--awb-border-radius-top-right:0px;--awb-border-radius-bottom-right:0px;--awb-border-radius-bottom-left:0px;--awb-flex-wrap:wrap;\" ><div class=\"fusion-builder-row fusion-row\"><div class=\"fusion-layout-column fusion_builder_column fusion-builder-column-0 fusion_builder_column_1_1 1_1 fusion-one-full fusion-column-first fusion-column-last\" style=\"--awb-bg-size:cover;\"><div class=\"fusion-column-wrapper fusion-column-has-shadow fusion-flex-column-wrapper-legacy\"><div class=\"fusion-clearfix\"><\/div><\/div><\/div><\/div><\/div><div class=\"fusion-fullwidth fullwidth-box fusion-builder-row-2 nonhundred-percent-fullwidth non-hundred-percent-height-scrolling\" style=\"--awb-border-radius-top-left:0px;--awb-border-radius-top-right:0px;--awb-border-radius-bottom-right:0px;--awb-border-radius-bottom-left:0px;--awb-flex-wrap:wrap;\" ><div class=\"fusion-builder-row fusion-row\"><div class=\"fusion-layout-column fusion_builder_column fusion-builder-column-1 fusion_builder_column_1_1 1_1 fusion-one-full fusion-column-first fusion-column-last\" style=\"--awb-bg-size:cover;\"><div class=\"fusion-column-wrapper fusion-column-has-shadow fusion-flex-column-wrapper-legacy\"><div class=\"fusion-text fusion-text-1\"><p><code>\n<!-- Page-list plugin v.5.9 wordpress.org\/plugins\/page-list\/ -->\n<ul class=\"page-list liste-etudes\">\n<li class=\"page_item page-item-2232 page_item_has_children\"><a href=\"https:\/\/www.institut-solidaris.be\/index.php\/etudes\/accessibilite-aux-soins-de-sante\/\">Accessibilit\u00e9 aux soins de sant\u00e9<\/a>\n<ul class='children'>\n\t<li class=\"page_item page-item-3379\"><a href=\"https:\/\/www.institut-solidaris.be\/index.php\/etudes\/accessibilite-aux-soins-de-sante\/conventionnement-cle-sante-accessible\/\">Conventionnement : la cl\u00e9 d&rsquo;une sant\u00e9 accessible ?<\/a><\/li>\n\t<li class=\"page_item page-item-2380\"><a href=\"https:\/\/www.institut-solidaris.be\/index.php\/etudes\/accessibilite-aux-soins-de-sante\/accessibilite-aux-soins-de-sante\/\">Barom\u00e8tre Tiers Payant Social<\/a><\/li>\n\t<li class=\"page_item page-item-2720\"><a href=\"https:\/\/www.institut-solidaris.be\/index.php\/etudes\/accessibilite-aux-soins-de-sante\/accessibilite-geographique-soins-dentaires\/\">L\u2019accessibilit\u00e9 g\u00e9ographique aux soins dentaires<\/a><\/li>\n\t<li class=\"page_item page-item-2539\"><a href=\"https:\/\/www.institut-solidaris.be\/index.php\/etudes\/accessibilite-aux-soins-de-sante\/2539-2\/\">L\u2019intervention major\u00e9e: pour qui ?<\/a><\/li>\n<\/ul>\n<\/li>\n<li class=\"page_item page-item-2237 page_item_has_children\"><a href=\"https:\/\/www.institut-solidaris.be\/index.php\/etudes\/covid\/\">Covid<\/a>\n<ul class='children'>\n\t<li class=\"page_item page-item-2524\"><a href=\"https:\/\/www.institut-solidaris.be\/index.php\/etudes\/covid\/les-publics-plus-fragilises-socio-economiquement-ont-davantage-reduit-leurs-contacts-avec-le-medecin-generaliste-durant-le-confinement\/\">Quel impact sur les contacts en m\u00e9decine g\u00e9n\u00e9rale<\/a><\/li>\n\t<li class=\"page_item page-item-2521\"><a href=\"https:\/\/www.institut-solidaris.be\/index.php\/etudes\/covid\/suivi-des-soins-aux-malades-chroniques-durant-la-crise-sanitaire\/\">Suivi des soins aux malades chroniques durant la crise sanitaire<\/a><\/li>\n<\/ul>\n<\/li>\n<li class=\"page_item page-item-2239 page_item_has_children\"><a href=\"https:\/\/www.institut-solidaris.be\/index.php\/etudes\/hopitaux\/\">H\u00f4pitaux<\/a>\n<ul class='children'>\n\t<li class=\"page_item page-item-2568\"><a href=\"https:\/\/www.institut-solidaris.be\/index.php\/etudes\/hopitaux\/barometre-hospitalier-2014\/\">Barom\u00e8tre Hospitalier 2014<\/a><\/li>\n\t<li class=\"page_item page-item-2582\"><a href=\"https:\/\/www.institut-solidaris.be\/index.php\/etudes\/hopitaux\/2582-2\/\">Barom\u00e8tre \u00ab\u00a0suppl\u00e9ments\u00a0\u00bb hospitaliers 2015<\/a><\/li>\n\t<li class=\"page_item page-item-2507\"><a href=\"https:\/\/www.institut-solidaris.be\/index.php\/etudes\/hopitaux\/les-supplements-dhonoraires-en-chambre-particuliere-reguler-les-variations-inter-et-intra-hospitalieres\/\">Les suppl\u00e9ments d&rsquo;honoraires en chambre particuli\u00e8re<\/a><\/li>\n\t<li class=\"page_item page-item-2511\"><a href=\"https:\/\/www.institut-solidaris.be\/index.php\/etudes\/hopitaux\/barometre-couts-hospitaliers-2016\/\">Barom\u00e8tre co\u00fbts hospitaliers 2016<\/a><\/li>\n\t<li class=\"page_item page-item-2484\"><a href=\"https:\/\/www.institut-solidaris.be\/index.php\/etudes\/hopitaux\/2484-2\/\">Barom\u00e8tre co\u00fbts hospitaliers 2017<\/a><\/li>\n<\/ul>\n<\/li>\n<li class=\"page_item page-item-2243 page_item_has_children\"><a href=\"https:\/\/www.institut-solidaris.be\/index.php\/etudes\/incapacite-de-travail\/\">Incapacit\u00e9 de travail<\/a>\n<ul class='children'>\n\t<li class=\"page_item page-item-3433\"><a href=\"https:\/\/www.institut-solidaris.be\/index.php\/etudes\/incapacite-de-travail\/retour-au-travail-a-temps-partiel\/\">Retour au travail \u00e0 temps partiel<\/a><\/li>\n\t<li class=\"page_item page-item-2546\"><a href=\"https:\/\/www.institut-solidaris.be\/index.php\/etudes\/incapacite-de-travail\/profil-socio-sanitaire-et-consommation-de-soins-des-personnes-en-incapacite-de-travail-primaire\/\">Profil socio-sanitaire et consommation de soins<\/a><\/li>\n<\/ul>\n<\/li>\n<li class=\"page_item page-item-2241 page_item_has_children\"><a href=\"https:\/\/www.institut-solidaris.be\/index.php\/etudes\/inegalites-sociales\/\">In\u00e9galit\u00e9s sociales<\/a>\n<ul class='children'>\n\t<li class=\"page_item page-item-2992\"><a href=\"https:\/\/www.institut-solidaris.be\/index.php\/etudes\/inegalites-sociales\/relevement-age-pension\/\">In\u00e9galit\u00e9s sociales de sant\u00e9 et rel\u00e8vement de l\u2019\u00e2ge de la pension<\/a><\/li>\n\t<li class=\"page_item page-item-2722\"><a href=\"https:\/\/www.institut-solidaris.be\/index.php\/etudes\/inegalites-sociales\/les-inegalites-sociales-aggravees\/\">Accessibilit\u00e9s aux soins dentaires et in\u00e9galit\u00e9s sociales<\/a><\/li>\n\t<li class=\"page_item page-item-2405\"><a href=\"https:\/\/www.institut-solidaris.be\/index.php\/etudes\/inegalites-sociales\/les-inegalites-sociales-nuisent-gravement-a-la-sante\/\">Les in\u00e9galit\u00e9s sociales nuisent gravement \u00e0 la sant\u00e9<\/a><\/li>\n\t<li class=\"page_item page-item-2502\"><a href=\"https:\/\/www.institut-solidaris.be\/index.php\/etudes\/inegalites-sociales\/les-inegalites-sociales-dans-le-domaine-de-la-sante\/\">Les in\u00e9galit\u00e9s sociales dans le domaine de la sant\u00e9<\/a><\/li>\n<\/ul>\n<\/li>\n<li class=\"page_item page-item-2245 page_item_has_children\"><a href=\"https:\/\/www.institut-solidaris.be\/index.php\/etudes\/medecine\/\">M\u00e9decine<\/a>\n<ul class='children'>\n\t<li class=\"page_item page-item-2493\"><a href=\"https:\/\/www.institut-solidaris.be\/index.php\/etudes\/medecine\/le-patient-est-il-fidele-a-son-medecin-traitant\/\">Le patient est-il fid\u00e8le \u00e0 son m\u00e9decin traitant ?<\/a><\/li>\n\t<li class=\"page_item page-item-2579\"><a href=\"https:\/\/www.institut-solidaris.be\/index.php\/etudes\/medecine\/les-maisons-medicales-a-la-loupe\/\">Les maisons m\u00e9dicales \u00e0 la loupe<\/a><\/li>\n\t<li class=\"page_item page-item-2575\"><a href=\"https:\/\/www.institut-solidaris.be\/index.php\/etudes\/medecine\/laccessibilite-des-maisons-medicales-au-forfait-une-analyse-sur-base-des-quartiers-statistiques-a-bruxelles\/\">L\u2019accessibilit\u00e9 des maisons m\u00e9dicales au forfait<\/a><\/li>\n\t<li class=\"page_item page-item-2461\"><a href=\"https:\/\/www.institut-solidaris.be\/index.php\/etudes\/medecine\/barometre-dossier-medical-global-2011\/\">Barom\u00e8tre dossier m\u00e9dical global 2011<\/a><\/li>\n\t<li class=\"page_item page-item-2571 page_item_has_children\"><a href=\"https:\/\/www.institut-solidaris.be\/index.php\/etudes\/medecine\/barometre-dossier-medical-global-2012\/\">Barom\u00e8tre dossier m\u00e9dical global 2012<\/a>\n\t<ul class='children'>\n\t\t<li class=\"page_item page-item-3395\"><a href=\"https:\/\/www.institut-solidaris.be\/index.php\/etudes\/medecine\/barometre-dossier-medical-global-2012\/report-soins-2025\/\">Le report des soins de sant\u00e9 \u2013 Edition 2025<\/a><\/li>\n\t<\/ul>\n<\/li>\n\t<li class=\"page_item page-item-2466\"><a href=\"https:\/\/www.institut-solidaris.be\/index.php\/etudes\/medecine\/barometre-dossier-medical-global-2016\/\">Barom\u00e8tre dossier m\u00e9dical global 2016<\/a><\/li>\n<\/ul>\n<\/li>\n<li class=\"page_item page-item-2247 page_item_has_children\"><a href=\"https:\/\/www.institut-solidaris.be\/index.php\/etudes\/medicaments\/\">M\u00e9dicaments<\/a>\n<ul class='children'>\n\t<li class=\"page_item page-item-2332\"><a href=\"https:\/\/www.institut-solidaris.be\/index.php\/etudes\/medicaments\/20-propositions-pour-une-politique-sociale-du-medicament\/\">20 propositions pour une politique sociale du m\u00e9dicament<\/a><\/li>\n\t<li class=\"page_item page-item-2564\"><a href=\"https:\/\/www.institut-solidaris.be\/index.php\/etudes\/medicaments\/barometre-medicaments-moins-chers-2011\/\">Barom\u00e8tre \u00ab m\u00e9dicaments  moins chers \u00bb 2011<\/a><\/li>\n\t<li class=\"page_item page-item-2560\"><a href=\"https:\/\/www.institut-solidaris.be\/index.php\/etudes\/medicaments\/barometre-medicaments-moins-chers-2012\/\">Barom\u00e8tre \u00ab m\u00e9dicaments moins chers \u00bb 2012<\/a><\/li>\n\t<li class=\"page_item page-item-2949\"><a href=\"https:\/\/www.institut-solidaris.be\/index.php\/etudes\/medicaments\/juste-prix-des-medicaments\/\">Solidaris en campagne contre les (sur)profits de l\u2019industrie pharmaceutique<\/a><\/li>\n\t<li class=\"page_item page-item-2479\"><a href=\"https:\/\/www.institut-solidaris.be\/index.php\/etudes\/medicaments\/des-campagnes-dinformation-sur-les-antibiotiques-quels-effets-sur-la-prescription\/\">Des campagnes d&rsquo;information sur les antibiotiques<\/a><\/li>\n\t<li class=\"page_item page-item-2496\"><a href=\"https:\/\/www.institut-solidaris.be\/index.php\/etudes\/medicaments\/2496-2\/\">Expiration du brevet : quel impact sur les prix et les volumes ?<\/a><\/li>\n<\/ul>\n<\/li>\n<li class=\"page_item page-item-2253 page_item_has_children\"><a href=\"https:\/\/www.institut-solidaris.be\/index.php\/etudes\/personnes-agees\/\">Personnes \u00e2g\u00e9es<\/a>\n<ul class='children'>\n\t<li class=\"page_item page-item-3021\"><a href=\"https:\/\/www.institut-solidaris.be\/index.php\/etudes\/personnes-agees\/medicaments-maison-repos\/\">Consommation de m\u00e9dicaments en maison de repos<\/a><\/li>\n\t<li class=\"page_item page-item-2978\"><a href=\"https:\/\/www.institut-solidaris.be\/index.php\/etudes\/personnes-agees\/relevement-age-pension\/\">In\u00e9galit\u00e9s sociales de sant\u00e9 et rel\u00e8vement de l\u2019\u00e2ge de la pension<\/a><\/li>\n\t<li class=\"page_item page-item-2732\"><a href=\"https:\/\/www.institut-solidaris.be\/index.php\/etudes\/personnes-agees\/faible-accessibilite-soins-dentaires\/\">Accessibilit\u00e9s aux soins dentaires pour les personnes \u00e2g\u00e9es<\/a><\/li>\n\t<li class=\"page_item page-item-3245\"><a href=\"https:\/\/www.institut-solidaris.be\/index.php\/etudes\/personnes-agees\/maisons-de-repos\/\">Le co\u00fbt des maisons de repos explose : Une situation  alarmante pour les ain\u00e9s<\/a><\/li>\n\t<li class=\"page_item page-item-2556\"><a href=\"https:\/\/www.institut-solidaris.be\/index.php\/etudes\/personnes-agees\/maisons-de-repos-a-quel-prix\/\">Maisons de repos : \u00e0 quel prix?<\/a><\/li>\n\t<li class=\"page_item page-item-2367\"><a href=\"https:\/\/www.institut-solidaris.be\/index.php\/etudes\/personnes-agees\/sante-des-aines\/\">Sant\u00e9 des a\u00een\u00e9s<\/a><\/li>\n\t<li class=\"page_item page-item-2472\"><a href=\"https:\/\/www.institut-solidaris.be\/index.php\/etudes\/personnes-agees\/consommation-des-medicaments-en-maison-de-repos\/\">Consommation des m\u00e9dicaments en maison de repos<\/a><\/li>\n<\/ul>\n<\/li>\n<li class=\"page_item page-item-2249 page_item_has_children\"><a href=\"https:\/\/www.institut-solidaris.be\/index.php\/etudes\/politique-publique\/\">Politique publique<\/a>\n<ul class='children'>\n\t<li class=\"page_item page-item-2489\"><a href=\"https:\/\/www.institut-solidaris.be\/index.php\/etudes\/politique-publique\/trajet-de-soins-buccaux-dentaires\/\">Trajet de soins buccaux-dentaires<\/a><\/li>\n\t<li class=\"page_item page-item-2363\"><a href=\"https:\/\/www.institut-solidaris.be\/index.php\/etudes\/politique-publique\/trajet-de-soin-buccaux-dentaires-quel-impact-sur-le-recours-aux-soins-preventifs\/\">La responsabilisation financi\u00e8re du patient : solution ou punition ?<\/a><\/li>\n<\/ul>\n<\/li>\n<li class=\"page_item page-item-2251 page_item_has_children\"><a href=\"https:\/\/www.institut-solidaris.be\/index.php\/etudes\/prevention\/\">Pr\u00e9vention<\/a>\n<ul class='children'>\n\t<li class=\"page_item page-item-2528\"><a href=\"https:\/\/www.institut-solidaris.be\/index.php\/etudes\/prevention\/livre-blanc-pour-un-acces-de-tous-a-une-alimentation-de-qualite\/\">Livre Blanc : Pour un acc\u00e8s de tous  \u00e0 une alimentation de qualit\u00e9<\/a><\/li>\n\t<li class=\"page_item page-item-2550\"><a href=\"https:\/\/www.institut-solidaris.be\/index.php\/etudes\/prevention\/femmes-et-contraception\/\">Femmes et contraception<\/a><\/li>\n<\/ul>\n<\/li>\n<li class=\"page_item page-item-2255 page_item_has_children\"><a href=\"https:\/\/www.institut-solidaris.be\/index.php\/etudes\/sante\/\">Sant\u00e9<\/a>\n<ul class='children'>\n\t<li class=\"page_item page-item-2515\"><a href=\"https:\/\/www.institut-solidaris.be\/index.php\/etudes\/sante\/2515-2\/\">Cancer du sein : les co\u00fbts et les faces cach\u00e9es de la maladie<\/a><\/li>\n\t<li class=\"page_item page-item-2410\"><a href=\"https:\/\/www.institut-solidaris.be\/index.php\/etudes\/sante\/les-patients-souffrant-de-bronchite-chronique\/\">Les patients souffrant de bronchite chronique<\/a><\/li>\n<\/ul>\n<\/li>\n<li class=\"page_item page-item-2257 page_item_has_children\"><a href=\"https:\/\/www.institut-solidaris.be\/index.php\/etudes\/sante-mentale\/\">Sant\u00e9 mentale<\/a>\n<ul class='children'>\n\t<li class=\"page_item page-item-3344\"><a href=\"https:\/\/www.institut-solidaris.be\/index.php\/etudes\/sante-mentale\/etude-sante-mentale-tentatives-de-suicide\/\">Etude sant\u00e9 mentale : les hospitalisations pour  tentative de suicide ont doubl\u00e9 chez les jeunes<\/a><\/li>\n\t<li class=\"page_item page-item-2772\"><a href=\"https:\/\/www.institut-solidaris.be\/index.php\/etudes\/sante-mentale\/santementale\/\">Barom\u00e8tre : Consommation de soins de sant\u00e9 mentale<\/a><\/li>\n\t<li class=\"page_item page-item-2396\"><a href=\"https:\/\/www.institut-solidaris.be\/index.php\/etudes\/sante-mentale\/remboursement-des-soins-psychologiques-de-premiere-ligne-quel-modele-pour-repondre-aux-besoins\/\">Remboursement des soins psychologiques de premi\u00e8re ligne<\/a><\/li>\n\t<li class=\"page_item page-item-2756\"><a href=\"https:\/\/www.institut-solidaris.be\/index.php\/etudes\/sante-mentale\/santementale-2\/\">Sant\u00e9 mentale : connaissance, perception du secteur et consommation de soins<\/a><\/li>\n\t<li class=\"page_item page-item-3272\"><a href=\"https:\/\/www.institut-solidaris.be\/index.php\/etudes\/sante-mentale\/sante_mentale_besoins\/\">Une nouvelle offre synonyme de meilleure prise en charge : enfin une avanc\u00e9e pour la sant\u00e9 mentale !<\/a><\/li>\n\t<li class=\"page_item page-item-2518\"><a href=\"https:\/\/www.institut-solidaris.be\/index.php\/etudes\/sante-mentale\/vers-un-monitoring-de-la-sante\/\">Vers un monitoring de la sant\u00e9 mentale<\/a><\/li>\n\t<li class=\"page_item page-item-2542\"><a href=\"https:\/\/www.institut-solidaris.be\/index.php\/etudes\/sante-mentale\/admission-a-lhopital-pour-tentative-de-suicide-analyse-des-facteurs-de-risque-du-suivi-medical-et-de-la-recidive\/\">Admission \u00e0 l\u2019h\u00f4pital pour  tentative de suicide<\/a><\/li>\n\t<li class=\"page_item page-item-2456\"><a href=\"https:\/\/www.institut-solidaris.be\/index.php\/etudes\/sante-mentale\/antidepresseurs-evolution-de-la-prescription\/\">Antid\u00e9presseurs : \u00e9volution de la prescription<\/a><\/li>\n<\/ul>\n<\/li>\n\n<\/ul><\/code>;<\/p>\n<\/div><div class=\"fusion-clearfix\"><\/div><\/div><\/div><\/div><\/div><\/p>\n","protected":false},"excerpt":{"rendered":"","protected":false},"author":1,"featured_media":0,"parent":0,"menu_order":0,"comment_status":"closed","ping_status":"closed","template":"","meta":{"footnotes":""},"class_list":["post-2228","page","type-page","status-publish","hentry"],"_links":{"self":[{"href":"https:\/\/www.institut-solidaris.be\/index.php\/wp-json\/wp\/v2\/pages\/2228","targetHints":{"allow":["GET"]}}],"collection":[{"href":"https:\/\/www.institut-solidaris.be\/index.php\/wp-json\/wp\/v2\/pages"}],"about":[{"href":"https:\/\/www.institut-solidaris.be\/index.php\/wp-json\/wp\/v2\/types\/page"}],"author":[{"embeddable":true,"href":"https:\/\/www.institut-solidaris.be\/index.php\/wp-json\/wp\/v2\/users\/1"}],"replies":[{"embeddable":true,"href":"https:\/\/www.institut-solidaris.be\/index.php\/wp-json\/wp\/v2\/comments?post=2228"}],"version-history":[{"count":3,"href":"https:\/\/www.institut-solidaris.be\/index.php\/wp-json\/wp\/v2\/pages\/2228\/revisions"}],"predecessor-version":[{"id":2273,"href":"https:\/\/www.institut-solidaris.be\/index.php\/wp-json\/wp\/v2\/pages\/2228\/revisions\/2273"}],"wp:attachment":[{"href":"https:\/\/www.institut-solidaris.be\/index.php\/wp-json\/wp\/v2\/media?parent=2228"}],"curies":[{"name":"wp","href":"https:\/\/api.w.org\/{rel}","templated":true}]}}