{"id":1744,"date":"2019-11-15T12:57:27","date_gmt":"2019-11-15T11:57:27","guid":{"rendered":"https:\/\/www.institut-solidaris.be\/?page_id=1744"},"modified":"2019-12-16T11:04:25","modified_gmt":"2019-12-16T10:04:25","slug":"solidarisxsudpressemedicaments","status":"publish","type":"page","link":"https:\/\/www.institut-solidaris.be\/index.php\/solidarisxsudpressemedicaments\/","title":{"rendered":"Grandes enqu\u00eates Solidaris x Sudpresse : les m\u00e9dicaments"},"content":{"rendered":"<div class=\"fusion-fullwidth fullwidth-box fusion-builder-row-1 nonhundred-percent-fullwidth non-hundred-percent-height-scrolling\" style=\"--awb-background-position:left top;--awb-border-radius-top-left:0px;--awb-border-radius-top-right:0px;--awb-border-radius-bottom-right:0px;--awb-border-radius-bottom-left:0px;--awb-padding-top:20px;--awb-padding-bottom:20px;--awb-border-sizes-top:0px;--awb-border-sizes-bottom:0px;--awb-flex-wrap:wrap;\" ><div class=\"fusion-builder-row fusion-row\"><div class=\"fusion-layout-column fusion_builder_column fusion-builder-column-0 fusion_builder_column_1_2 1_2 fusion-one-half fusion-column-first\" style=\"--awb-bg-size:cover;width:48%; margin-right: 4%;\"><div class=\"fusion-column-wrapper fusion-flex-column-wrapper-legacy\"><div class=\"fusion-slider-sc fusion-flexslider-loading flexslider flexslider-hover-type-none\" data-slideshow_autoplay=\"1\" data-slideshow_smooth_height=\"0\" data-slideshow_speed=\"7000\" style=\"max-width:100%;height:100%;\"><ul class=\"slides\"><li class=\"image\"><span class=\"fusion-image-hover-element hover-type-none\"><img decoding=\"async\" src=\"https:\/\/www.institut-solidaris.be\/wp-content\/uploads\/2019\/11\/ImageCarousel_Contraception_600x350.jpg\" width=\"1250\" height=\"729\" \/><\/span><\/li><\/ul><\/div><div class=\"fusion-clearfix\"><\/div><\/div><\/div><div class=\"fusion-layout-column fusion_builder_column fusion-builder-column-1 fusion_builder_column_1_2 1_2 fusion-one-half fusion-column-last\" style=\"--awb-bg-size:cover;width:48%;\"><div class=\"fusion-column-wrapper fusion-flex-column-wrapper-legacy\"><div class=\"fusion-text fusion-text-1\"><h2><strong>Pour 63% des Belges\u00a0francophones, le Gouvernement privil\u00e9gie l\u2019industrie pharmaceutique au d\u00e9triment des citoye<\/strong><strong>ns !<\/strong><\/h2>\n<p><strong>Cinq ans apr\u00e8s avoir interrog\u00e9 les Belges francophones sur leur rapport aux m\u00e9dicaments, Solidaris est reparti \u00e0 leur rencontre. En partenariat avec les journaux du groupe SudPresse, la Mutuelle s\u2019est donc replong\u00e9e dans les habitudes de consommation des Bruxellois et Wallons.\u00a0<\/strong><\/p>\n<p><b>Quelques r\u00e9sultats \u00e9loquents :\u00a0<\/b><\/p>\n<ul>\n<li>Parmi les Belges interrog\u00e9s, plus de 5 sur 10 estiment qu\u2019il y a un usage excessif du m\u00e9dicament dans notre soci\u00e9t\u00e9. Ils \u00e9taient plus de 6 sur 10 \u00e0 le penser en 2014.<\/li>\n<li>Pour pr\u00e8s d\u2019un quart des personnes sond\u00e9es, les m\u00e9decins g\u00e9n\u00e9ralistes prescrivent trop de m\u00e9dicaments. Une baisse de 5 points par rapport \u00e0 2014. A contrario, ils sont plus d\u2019un tiers \u00e0 penser, tant en 2014 qu\u2019en 2019, que ce sont les patients qui demandent trop souvent \u00e0 leur m\u00e9decin de leur prescrire des m\u00e9dicaments.<\/li>\n<li>En 2019, tout comme en 2014, on observe que les femmes sont un peu plus nombreuse \u00e0 rejeter l\u2019id\u00e9e que le m\u00e9dicament est une r\u00e9ponse facile et imm\u00e9diate \u00e0 un probl\u00e8me qui rel\u00e8ve davantage de difficult\u00e9s psychologiques ou d\u2019une mauvaise hygi\u00e8ne de vie.<\/li>\n<li>Progression int\u00e9ressante, ils sont de plus en plus nombreux \u00e0 penser qu\u2019il n\u2019y a pas de diff\u00e9rence d\u2019efficacit\u00e9 th\u00e9rapeutique entre un m\u00e9dicament original et son g\u00e9n\u00e9rique. Une progression tir\u00e9e particuli\u00e8rement par les plus jeunes.<\/li>\n<\/ul>\n<p>Dans ce contexte Solidaris appelle \u00e0 :<\/p>\n<ol>\n<li><strong>Lutter contre la \u201cm\u00e9dicalisation de la vie\u201d et la marchandisation du m\u00e9dicament, aux niveaux europ\u00e9en et belge ;<\/strong><\/li>\n<li><strong>Rendre les m\u00e9dicaments plus accessibles ;<\/strong><\/li>\n<li><strong>Renforcer les comp\u00e9tences de la population pour une autom\u00e9dication raisonn\u00e9e.<\/strong><\/li>\n<\/ol>\n<h2>Pour retrouver tous les r\u00e9sulats :<\/h2>\n<p><img decoding=\"async\" class=\"size-full wp-image-112 alignleft\" src=\"https:\/\/www.institut-solidaris.be\/wp-content\/uploads\/2015\/12\/icone-pdf.gif\" alt=\"Consulter notre enqu\u00eate\" width=\"32\" height=\"32\" \/><strong><a href=\"https:\/\/www.institut-solidaris.be\/wp-content\/uploads\/2019\/11\/M\u00e9docs_MW-002.pdf\">T\u00e9l\u00e9charger notre enqu\u00eate<\/a><\/strong><\/p>\n<p><img decoding=\"async\" class=\"size-full wp-image-112 alignleft\" src=\"https:\/\/www.institut-solidaris.be\/wp-content\/uploads\/2015\/12\/icone-pdf.gif\" alt=\"Consulter notre enqu\u00eate\" width=\"32\" height=\"32\" \/><strong><a href=\"https:\/\/www.institut-solidaris.be\/wp-content\/uploads\/2019\/11\/Communiqu\u00e9-Solidaris-M\u00e9dicaments_VC.pdf\">T\u00e9l\u00e9charger notre communiqu\u00e9 de presse<\/a><\/strong><\/p>\n<\/div><div class=\"fusion-clearfix\"><\/div><\/div><\/div><\/div><\/div>\n","protected":false},"excerpt":{"rendered":"","protected":false},"author":7,"featured_media":0,"parent":0,"menu_order":0,"comment_status":"closed","ping_status":"closed","template":"","meta":{"footnotes":""},"class_list":["post-1744","page","type-page","status-publish","hentry"],"_links":{"self":[{"href":"https:\/\/www.institut-solidaris.be\/index.php\/wp-json\/wp\/v2\/pages\/1744","targetHints":{"allow":["GET"]}}],"collection":[{"href":"https:\/\/www.institut-solidaris.be\/index.php\/wp-json\/wp\/v2\/pages"}],"about":[{"href":"https:\/\/www.institut-solidaris.be\/index.php\/wp-json\/wp\/v2\/types\/page"}],"author":[{"embeddable":true,"href":"https:\/\/www.institut-solidaris.be\/index.php\/wp-json\/wp\/v2\/users\/7"}],"replies":[{"embeddable":true,"href":"https:\/\/www.institut-solidaris.be\/index.php\/wp-json\/wp\/v2\/comments?post=1744"}],"version-history":[{"count":2,"href":"https:\/\/www.institut-solidaris.be\/index.php\/wp-json\/wp\/v2\/pages\/1744\/revisions"}],"predecessor-version":[{"id":1878,"href":"https:\/\/www.institut-solidaris.be\/index.php\/wp-json\/wp\/v2\/pages\/1744\/revisions\/1878"}],"wp:attachment":[{"href":"https:\/\/www.institut-solidaris.be\/index.php\/wp-json\/wp\/v2\/media?parent=1744"}],"curies":[{"name":"wp","href":"https:\/\/api.w.org\/{rel}","templated":true}]}}